{"id":500,"date":"2016-12-07T16:17:39","date_gmt":"2016-12-07T15:17:39","guid":{"rendered":"http:\/\/gites-jardins-ilona.com\/?page_id=500"},"modified":"2026-03-04T22:40:26","modified_gmt":"2026-03-04T21:40:26","slug":"gites","status":"publish","type":"page","link":"https:\/\/gites-jardins-ilona.com\/index.php\/gites\/","title":{"rendered":"G\u00eetes"},"content":{"rendered":"<div id=\"pl-500\"  class=\"panel-layout\" ><div id=\"pg-500-0\"  class=\"panel-grid panel-no-style\" ><div id=\"pgc-500-0-0\"  class=\"panel-grid-cell panel-grid-cell-empty\" ><\/div><\/div><div id=\"pg-500-1\"  class=\"panel-grid panel-has-style\" ><div class=\"siteorigin-panels-stretch panel-row-style panel-row-style-for-500-1\" data-stretch-type=\"full\" ><div id=\"pgc-500-1-0\"  class=\"panel-grid-cell\" ><div id=\"panel-500-1-0-0\" class=\"so-panel widget widget_sow-image panel-first-child\" data-index=\"0\" ><div class=\"panel-widget-style panel-widget-style-for-500-1-0-0\" ><div\n\t\t\t\n\t\t\tclass=\"so-widget-sow-image so-widget-sow-image-default-c67d20f9f743-500\"\n\t\t\t\n\t\t><h3 class=\"widget-title\">ZI Villa<\/h3>\n<div class=\"sow-image-container\">\n\t\t<img \n\tsrc=\"https:\/\/gites-jardins-ilona.com\/wp-content\/uploads\/2024\/08\/IMG_2111-e1771957427423.jpg\" width=\"1303\" height=\"868\" sizes=\"(max-width: 1303px) 100vw, 1303px\" title=\"ZI Villa\" alt=\"\" \t\tclass=\"so-widget-image\"\/>\n\t<\/div>\n\n<\/div><\/div><\/div><div id=\"panel-500-1-0-1\" class=\"so-panel widget widget_text\" data-index=\"1\" ><div class=\"panel-widget-style panel-widget-style-for-500-1-0-1\" >\t\t\t<div class=\"textwidget\"><p>G\u00eete de charme de 300 m\u00b2 avec jardin et terrasses, offre 6 chambres et tout le confort pour des s\u00e9jours conviviaux en famille ou entre amis.<\/p>\n<\/div>\n\t\t<\/div><\/div><div id=\"panel-500-1-0-2\" class=\"so-panel widget widget_sow-button panel-last-child\" data-index=\"2\" ><div class=\"panel-widget-style panel-widget-style-for-500-1-0-2\" ><div\n\t\t\t\n\t\t\tclass=\"so-widget-sow-button so-widget-sow-button-wire-445df2f55ac6-500\"\n\t\t\t\n\t\t><div class=\"ow-button-base ow-button-align-center\"\n>\n\t\t\t<a\n\t\t\t\t\thref=\"index.php\/gites\/zi-villa\"\n\t\t\t\t\tclass=\"sowb-button ow-icon-placement-left ow-button-hover\" \t>\n\t\t<span>\n\t\t\t\n\t\t\tD\u00e9couvrir\t\t<\/span>\n\t\t\t<\/a>\n\t<\/div>\n<\/div><\/div><\/div><\/div><div id=\"pgc-500-1-1\"  class=\"panel-grid-cell\" ><div id=\"panel-500-1-1-0\" class=\"so-panel widget widget_sow-image panel-first-child\" data-index=\"3\" ><div\n\t\t\t\n\t\t\tclass=\"so-widget-sow-image so-widget-sow-image-default-c67d20f9f743-500\"\n\t\t\t\n\t\t><h3 class=\"widget-title\">ZI Loft<\/h3>\n<div class=\"sow-image-container\">\n\t\t<img \n\tsrc=\"https:\/\/gites-jardins-ilona.com\/wp-content\/uploads\/2024\/08\/IMG_9296-e1771959016716.jpg\" width=\"1303\" height=\"868\" sizes=\"(max-width: 1303px) 100vw, 1303px\" title=\"ZI Loft\" alt=\"Salon Loft\" \t\tclass=\"so-widget-image\"\/>\n\t<\/div>\n\n<\/div><\/div><div id=\"panel-500-1-1-1\" class=\"so-panel widget widget_text\" data-index=\"4\" ><div class=\"panel-widget-style panel-widget-style-for-500-1-1-1\" >\t\t\t<div class=\"textwidget\"><p>Loft contemporain avec jardin paysag\u00e9, suites priv\u00e9es et prestations haut de gamme, id\u00e9al en famille ou s\u00e9minaire.<\/p>\n<\/div>\n\t\t<\/div><\/div><div id=\"panel-500-1-1-2\" class=\"so-panel widget widget_sow-button panel-last-child\" data-index=\"5\" ><div\n\t\t\t\n\t\t\tclass=\"so-widget-sow-button so-widget-sow-button-wire-c5f36780ffe1-500\"\n\t\t\t\n\t\t><div class=\"ow-button-base ow-button-align-center\"\n>\n\t\t\t<a\n\t\t\t\t\thref=\"index.php\/gites\/zi-loft\"\n\t\t\t\t\tclass=\"sowb-button ow-icon-placement-left\" \t>\n\t\t<span>\n\t\t\t\n\t\t\tD\u00e9couvrir\t\t<\/span>\n\t\t\t<\/a>\n\t<\/div>\n<\/div><\/div><\/div><\/div><\/div><div id=\"pg-500-2\"  class=\"panel-grid panel-no-style\" ><div id=\"pgc-500-2-0\"  class=\"panel-grid-cell panel-grid-cell-empty\" ><\/div><\/div><div id=\"pg-500-3\"  class=\"panel-grid panel-has-style\" ><div class=\"siteorigin-panels-stretch panel-row-style panel-row-style-for-500-3\" data-stretch-type=\"full\" ><div id=\"pgc-500-3-0\"  class=\"panel-grid-cell\" ><div id=\"panel-500-3-0-0\" class=\"so-panel widget widget_text panel-first-child\" data-index=\"6\" ><div class=\"panel-widget-style panel-widget-style-for-500-3-0-0\" >\t\t\t<div class=\"textwidget\"><\/div>\n\t\t<\/div><\/div><div id=\"panel-500-3-0-1\" class=\"so-panel widget widget_sow-image\" data-index=\"7\" ><div class=\"panel-widget-style panel-widget-style-for-500-3-0-1\" ><div\n\t\t\t\n\t\t\tclass=\"so-widget-sow-image so-widget-sow-image-default-8b5b6f678277-500\"\n\t\t\t\n\t\t><h3 class=\"widget-title\">Les Palmiers <\/h3>\n<div class=\"sow-image-container\">\n\t\t<img \n\tsrc=\"https:\/\/gites-jardins-ilona.com\/wp-content\/uploads\/2021\/10\/photos-gi\u0302tes-Sept-2010-023-scaled-e1724788057225.jpg\" width=\"1349\" height=\"898\" srcset=\"https:\/\/gites-jardins-ilona.com\/wp-content\/uploads\/2021\/10\/photos-gi\u0302tes-Sept-2010-023-scaled-e1724788057225.jpg 1349w, https:\/\/gites-jardins-ilona.com\/wp-content\/uploads\/2021\/10\/photos-gi\u0302tes-Sept-2010-023-scaled-e1724788057225-300x200.jpg 300w, https:\/\/gites-jardins-ilona.com\/wp-content\/uploads\/2021\/10\/photos-gi\u0302tes-Sept-2010-023-scaled-e1724788057225-1024x682.jpg 1024w, https:\/\/gites-jardins-ilona.com\/wp-content\/uploads\/2021\/10\/photos-gi\u0302tes-Sept-2010-023-scaled-e1724788057225-768x511.jpg 768w, https:\/\/gites-jardins-ilona.com\/wp-content\/uploads\/2021\/10\/photos-gi\u0302tes-Sept-2010-023-scaled-e1724788057225-272x182.jpg 272w\" sizes=\"(max-width: 1349px) 100vw, 1349px\" title=\"Les Palmiers \" alt=\"6 pers\" \t\tclass=\"so-widget-image\"\/>\n\t<\/div>\n\n<\/div><\/div><\/div><div id=\"panel-500-3-0-2\" class=\"so-panel widget widget_text\" data-index=\"8\" ><div class=\"panel-widget-style panel-widget-style-for-500-3-0-2\" >\t\t\t<div class=\"textwidget\"><p>G\u00eete de charme pour 6 personnes avec 3 chambres, 2 salles de bain et jardin privatif avec barbecue.<\/p>\n<\/div>\n\t\t<\/div><\/div><div id=\"panel-500-3-0-3\" class=\"so-panel widget widget_sow-button\" data-index=\"9\" ><div class=\"panel-widget-style panel-widget-style-for-500-3-0-3\" ><div\n\t\t\t\n\t\t\tclass=\"so-widget-sow-button so-widget-sow-button-wire-ac82a747421c-500\"\n\t\t\t\n\t\t><div class=\"ow-button-base ow-button-align-center\"\n>\n\t\t\t<a\n\t\t\t\t\thref=\"index.php\/gites\/gite-les-palmiers\"\n\t\t\t\t\tclass=\"sowb-button ow-icon-placement-left ow-button-hover\" \t>\n\t\t<span>\n\t\t\t\n\t\t\tD\u00e9couvrir\t\t<\/span>\n\t\t\t<\/a>\n\t<\/div>\n<\/div><\/div><\/div><div id=\"panel-500-3-0-4\" class=\"so-panel widget widget_text panel-last-child\" data-index=\"10\" ><div class=\"panel-widget-style panel-widget-style-for-500-3-0-4\" >\t\t\t<div class=\"textwidget\"><\/div>\n\t\t<\/div><\/div><\/div><div id=\"pgc-500-3-1\"  class=\"panel-grid-cell\" ><div id=\"panel-500-3-1-0\" class=\"so-panel widget widget_text panel-first-child\" data-index=\"11\" ><div class=\"panel-widget-style panel-widget-style-for-500-3-1-0\" >\t\t\t<div class=\"textwidget\"><\/div>\n\t\t<\/div><\/div><div id=\"panel-500-3-1-1\" class=\"so-panel widget widget_sow-image\" data-index=\"12\" ><div\n\t\t\t\n\t\t\tclass=\"so-widget-sow-image so-widget-sow-image-default-8b5b6f678277-500\"\n\t\t\t\n\t\t><h3 class=\"widget-title\">L'Ecocoon<\/h3>\n<div class=\"sow-image-container\">\n\t\t<img \n\tsrc=\"https:\/\/gites-jardins-ilona.com\/wp-content\/uploads\/2024\/08\/Entree-ecocoon-p-gites--scaled-e1771965410798.jpg\" width=\"1079\" height=\"720\" sizes=\"(max-width: 1079px) 100vw, 1079px\" title=\"L&#039;Ecocoon\" alt=\"Gite Ecocoon entree dissimulee\" \t\tclass=\"so-widget-image\"\/>\n\t<\/div>\n\n<\/div><\/div><div id=\"panel-500-3-1-2\" class=\"so-panel widget widget_text\" data-index=\"13\" ><div class=\"panel-widget-style panel-widget-style-for-500-3-1-2\" >\t\t\t<div class=\"textwidget\"><p>G\u00eete \u00e9cologique pour 4 personnes avec 1 chambre double, 1 alc\u00f4ve, 2 terrasses, jardin avec barbecue et acc\u00e8s PMR.<\/p>\n<\/div>\n\t\t<\/div><\/div><div id=\"panel-500-3-1-3\" class=\"so-panel widget widget_sow-button\" data-index=\"14\" ><div\n\t\t\t\n\t\t\tclass=\"so-widget-sow-button so-widget-sow-button-wire-e7355a673962-500\"\n\t\t\t\n\t\t><div class=\"ow-button-base ow-button-align-center\"\n>\n\t\t\t<a\n\t\t\t\t\thref=\"index.php\/gites\/ecocoon\"\n\t\t\t\t\tclass=\"sowb-button ow-icon-placement-left ow-button-hover\" \t>\n\t\t<span>\n\t\t\t\n\t\t\tD\u00e9couvrir\t\t<\/span>\n\t\t\t<\/a>\n\t<\/div>\n<\/div><\/div><div id=\"panel-500-3-1-4\" class=\"so-panel widget widget_text panel-last-child\" data-index=\"15\" ><div class=\"panel-widget-style panel-widget-style-for-500-3-1-4\" >\t\t\t<div class=\"textwidget\"><\/div>\n\t\t<\/div><\/div><\/div><\/div><\/div><div id=\"pg-500-4\"  class=\"panel-grid panel-no-style\" ><div id=\"pgc-500-4-0\"  class=\"panel-grid-cell panel-grid-cell-empty\" ><\/div><\/div><div id=\"pg-500-5\"  class=\"panel-grid panel-has-style\" ><div class=\"siteorigin-panels-stretch panel-row-style panel-row-style-for-500-5\" data-stretch-type=\"full\" ><div id=\"pgc-500-5-0\"  class=\"panel-grid-cell\" ><div id=\"panel-500-5-0-0\" class=\"so-panel widget widget_sow-image panel-first-child\" data-index=\"16\" ><div\n\t\t\t\n\t\t\tclass=\"so-widget-sow-image so-widget-sow-image-default-8b5b6f678277-500\"\n\t\t\t\n\t\t><h3 class=\"widget-title\">Les Bambous<\/h3>\n<div class=\"sow-image-container\">\n\t\t<img \n\tsrc=\"https:\/\/gites-jardins-ilona.com\/wp-content\/uploads\/2016\/12\/B-table-jardin.jpg\" width=\"1560\" height=\"1024\" srcset=\"https:\/\/gites-jardins-ilona.com\/wp-content\/uploads\/2016\/12\/B-table-jardin.jpg 1560w, https:\/\/gites-jardins-ilona.com\/wp-content\/uploads\/2016\/12\/B-table-jardin-300x197.jpg 300w, https:\/\/gites-jardins-ilona.com\/wp-content\/uploads\/2016\/12\/B-table-jardin-768x504.jpg 768w, https:\/\/gites-jardins-ilona.com\/wp-content\/uploads\/2016\/12\/B-table-jardin-1024x672.jpg 1024w, https:\/\/gites-jardins-ilona.com\/wp-content\/uploads\/2016\/12\/B-table-jardin-830x545.jpg 830w, https:\/\/gites-jardins-ilona.com\/wp-content\/uploads\/2016\/12\/B-table-jardin-230x151.jpg 230w, https:\/\/gites-jardins-ilona.com\/wp-content\/uploads\/2016\/12\/B-table-jardin-350x230.jpg 350w, https:\/\/gites-jardins-ilona.com\/wp-content\/uploads\/2016\/12\/B-table-jardin-480x315.jpg 480w\" sizes=\"(max-width: 1560px) 100vw, 1560px\" title=\"Les Bambous\" alt=\"\" \t\tclass=\"so-widget-image\"\/>\n\t<\/div>\n\n<\/div><\/div><div id=\"panel-500-5-0-1\" class=\"so-panel widget widget_text\" data-index=\"17\" ><div class=\"panel-widget-style panel-widget-style-for-500-5-0-1\" >\t\t\t<div class=\"textwidget\"><p>G\u00eete de charme pour 8 personnes avec 3 chambres (dont une quadruple) et jardin privatif.<\/p>\n<\/div>\n\t\t<\/div><\/div><div id=\"panel-500-5-0-2\" class=\"so-panel widget widget_sow-button panel-last-child\" data-index=\"18\" ><div class=\"panel-widget-style panel-widget-style-for-500-5-0-2\" ><div\n\t\t\t\n\t\t\tclass=\"so-widget-sow-button so-widget-sow-button-wire-834a78182be9-500\"\n\t\t\t\n\t\t><div class=\"ow-button-base ow-button-align-center\"\n>\n\t\t\t<a\n\t\t\t\t\thref=\"index.php\/gites\/gite-les-bambous\"\n\t\t\t\t\tclass=\"sowb-button ow-icon-placement-left\" \t>\n\t\t<span>\n\t\t\t\n\t\t\tD\u00e9couvrir\t\t<\/span>\n\t\t\t<\/a>\n\t<\/div>\n<\/div><\/div><\/div><\/div><div id=\"pgc-500-5-1\"  class=\"panel-grid-cell\" ><div id=\"panel-500-5-1-0\" class=\"so-panel widget widget_sow-image panel-first-child\" data-index=\"19\" ><div\n\t\t\t\n\t\t\tclass=\"so-widget-sow-image so-widget-sow-image-default-8b5b6f678277-500\"\n\t\t\t\n\t\t><h3 class=\"widget-title\">Les Oliviers<\/h3>\n<div class=\"sow-image-container\">\n\t\t<img \n\tsrc=\"https:\/\/gites-jardins-ilona.com\/wp-content\/uploads\/2024\/08\/Les-Oliviers-2024-e1771964252691.jpg\" width=\"1303\" height=\"868\" sizes=\"(max-width: 1303px) 100vw, 1303px\" title=\"Les Oliviers\" alt=\"Les Oliviers 2024\" \t\tclass=\"so-widget-image\"\/>\n\t<\/div>\n\n<\/div><\/div><div id=\"panel-500-5-1-1\" class=\"so-panel widget widget_text\" data-index=\"20\" ><div class=\"panel-widget-style panel-widget-style-for-500-5-1-1\" >\t\t\t<div class=\"textwidget\"><p>G\u00eete de charme pour 4 \u00e0 5 personnes avec 2 chambres doubles, canap\u00e9 convertible et jardin privatif.<\/p>\n<\/div>\n\t\t<\/div><\/div><div id=\"panel-500-5-1-2\" class=\"so-panel widget widget_sow-button panel-last-child\" data-index=\"21\" ><div class=\"panel-widget-style panel-widget-style-for-500-5-1-2\" ><div\n\t\t\t\n\t\t\tclass=\"so-widget-sow-button so-widget-sow-button-wire-834a78182be9-500\"\n\t\t\t\n\t\t><div class=\"ow-button-base ow-button-align-center\"\n>\n\t\t\t<a\n\t\t\t\t\thref=\"index.php\/gites\/les-oliviers\"\n\t\t\t\t\tclass=\"sowb-button ow-icon-placement-left\" \t>\n\t\t<span>\n\t\t\t\n\t\t\tD\u00e9couvrir\t\t<\/span>\n\t\t\t<\/a>\n\t<\/div>\n<\/div><\/div><\/div><\/div><\/div><\/div><div id=\"pg-500-6\"  class=\"panel-grid panel-no-style\" ><div id=\"pgc-500-6-0\"  class=\"panel-grid-cell panel-grid-cell-empty\" ><\/div><\/div><div id=\"pg-500-7\"  class=\"panel-grid panel-no-style\" ><div id=\"pgc-500-7-0\"  class=\"panel-grid-cell\" ><div id=\"panel-500-7-0-0\" class=\"so-panel widget widget_sow-button panel-first-child panel-last-child\" data-index=\"22\" ><div class=\"panel-widget-style panel-widget-style-for-500-7-0-0\" ><div\n\t\t\t\n\t\t\tclass=\"so-widget-sow-button so-widget-sow-button-flat-52bb2d61cce6-500\"\n\t\t\t\n\t\t><div class=\"ow-button-base ow-button-align-center\"\n>\n\t\t\t<a\n\t\t\t\t\thref=\"https:\/\/jardins-ilona.amenitiz.io\/fr\/booking\/room#DatesGuests-BE\"\n\t\t\t\t\tclass=\"sowb-button ow-icon-placement-left\" \t>\n\t\t<span>\n\t\t\t\n\t\t\tDisponibilit\u00e9 de r\u00e9servation\t\t<\/span>\n\t\t\t<\/a>\n\t<\/div>\n<\/div><\/div><\/div><\/div><\/div><div id=\"pg-500-8\"  class=\"panel-grid panel-no-style\" ><div id=\"pgc-500-8-0\"  class=\"panel-grid-cell panel-grid-cell-empty\" ><\/div><\/div><div id=\"pg-500-9\"  class=\"panel-grid panel-has-style\" ><div class=\"siteorigin-panels-stretch panel-row-style panel-row-style-for-500-9\" data-stretch-type=\"full\" ><div id=\"pgc-500-9-0\"  class=\"panel-grid-cell\" ><div id=\"panel-500-9-0-0\" class=\"so-panel widget widget_text panel-first-child\" data-index=\"23\" ><div class=\"panel-widget-style panel-widget-style-for-500-9-0-0\" >\t\t\t<div class=\"textwidget\"><\/div>\n\t\t<\/div><\/div><div id=\"panel-500-9-0-1\" class=\"so-panel widget widget_text panel-last-child\" data-index=\"24\" ><div class=\"panel-widget-style panel-widget-style-for-500-9-0-1\" >\t\t\t<div class=\"textwidget\"><p>Visite virtuelle des Jardins d&rsquo;Ilona : <a href=\"https:\/\/youtu.be\/BgzoVQlZnJI\" target=\"_blank\" rel=\"noopener\">cliquer ici<\/a><\/p>\n<\/div>\n\t\t<\/div><\/div><\/div><\/div><\/div><\/div>","protected":false},"excerpt":{"rendered":"<p>G\u00eete de charme de 300 m\u00b2 avec jardin et terrasses, offre 6 chambres et tout le confort pour des s\u00e9jours conviviaux en famille ou entre amis. Loft contemporain avec jardin paysag\u00e9, suites priv\u00e9es et prestations haut de gamme, id\u00e9al en famille ou s\u00e9minaire.<\/p>\n","protected":false},"author":1,"featured_media":0,"parent":0,"menu_order":0,"comment_status":"closed","ping_status":"closed","template":"","meta":{"footnotes":""},"class_list":["post-500","page","type-page","status-publish","hentry"],"yoast_head":"<!-- This site is optimized with the Yoast SEO plugin v24.9 - https:\/\/yoast.com\/wordpress\/plugins\/seo\/ -->\n<title>Gites avec piscine int\u00e9rieure et s\u00e9minaires, Hauts de France.<\/title>\n<meta name=\"description\" content=\"Les Jardins d&#039;Ilona vous proposent des gites avec piscine de 4 \u00e0 15 personnes, 49 couchages au total. Id\u00e9al en vacances ou pour vos \u00e9v\u00e8nements\" \/>\n<meta name=\"robots\" content=\"index, follow, max-snippet:-1, max-image-preview:large, max-video-preview:-1\" \/>\n<link rel=\"canonical\" href=\"https:\/\/gites-jardins-ilona.com\/index.php\/gites\/\" \/>\n<meta property=\"og:locale\" content=\"fr_FR\" \/>\n<meta property=\"og:type\" content=\"article\" \/>\n<meta property=\"og:title\" content=\"Gites avec piscine int\u00e9rieure et s\u00e9minaires, Hauts de France.\" \/>\n<meta property=\"og:description\" content=\"Les Jardins d&#039;Ilona vous proposent des gites avec piscine de 4 \u00e0 15 personnes, 49 couchages au total. Id\u00e9al en vacances ou pour vos \u00e9v\u00e8nements\" \/>\n<meta property=\"og:url\" content=\"https:\/\/gites-jardins-ilona.com\/index.php\/gites\/\" \/>\n<meta property=\"og:site_name\" content=\"Les Jardins d&#039;Ilona\" \/>\n<meta property=\"article:modified_time\" content=\"2026-03-04T21:40:26+00:00\" \/>\n<meta name=\"twitter:card\" content=\"summary_large_image\" \/>\n<meta name=\"twitter:label1\" content=\"Dur\u00e9e de lecture estim\u00e9e\" \/>\n\t<meta name=\"twitter:data1\" content=\"2 minutes\" \/>\n<script type=\"application\/ld+json\" class=\"yoast-schema-graph\">{\"@context\":\"https:\/\/schema.org\",\"@graph\":[{\"@type\":\"WebPage\",\"@id\":\"https:\/\/gites-jardins-ilona.com\/index.php\/gites\/\",\"url\":\"https:\/\/gites-jardins-ilona.com\/index.php\/gites\/\",\"name\":\"Gites avec piscine int\u00e9rieure et s\u00e9minaires, Hauts de France.\",\"isPartOf\":{\"@id\":\"https:\/\/gites-jardins-ilona.com\/#website\"},\"datePublished\":\"2016-12-07T15:17:39+00:00\",\"dateModified\":\"2026-03-04T21:40:26+00:00\",\"description\":\"Les Jardins d'Ilona vous proposent des gites avec piscine de 4 \u00e0 15 personnes, 49 couchages au total. Id\u00e9al en vacances ou pour vos \u00e9v\u00e8nements\",\"breadcrumb\":{\"@id\":\"https:\/\/gites-jardins-ilona.com\/index.php\/gites\/#breadcrumb\"},\"inLanguage\":\"fr-FR\",\"potentialAction\":[{\"@type\":\"ReadAction\",\"target\":[\"https:\/\/gites-jardins-ilona.com\/index.php\/gites\/\"]}]},{\"@type\":\"BreadcrumbList\",\"@id\":\"https:\/\/gites-jardins-ilona.com\/index.php\/gites\/#breadcrumb\",\"itemListElement\":[{\"@type\":\"ListItem\",\"position\":1,\"name\":\"Accueil\",\"item\":\"https:\/\/gites-jardins-ilona.com\/\"},{\"@type\":\"ListItem\",\"position\":2,\"name\":\"G\u00eetes\"}]},{\"@type\":\"WebSite\",\"@id\":\"https:\/\/gites-jardins-ilona.com\/#website\",\"url\":\"https:\/\/gites-jardins-ilona.com\/\",\"name\":\"Les Jardins d&#039;Ilona\",\"description\":\"Gites et s\u00e9minaires \u00e0 Arques \",\"publisher\":{\"@id\":\"https:\/\/gites-jardins-ilona.com\/#organization\"},\"potentialAction\":[{\"@type\":\"SearchAction\",\"target\":{\"@type\":\"EntryPoint\",\"urlTemplate\":\"https:\/\/gites-jardins-ilona.com\/?s={search_term_string}\"},\"query-input\":{\"@type\":\"PropertyValueSpecification\",\"valueRequired\":true,\"valueName\":\"search_term_string\"}}],\"inLanguage\":\"fr-FR\"},{\"@type\":\"Organization\",\"@id\":\"https:\/\/gites-jardins-ilona.com\/#organization\",\"name\":\"SARL Ilona\",\"url\":\"https:\/\/gites-jardins-ilona.com\/\",\"logo\":{\"@type\":\"ImageObject\",\"inLanguage\":\"fr-FR\",\"@id\":\"https:\/\/gites-jardins-ilona.com\/#\/schema\/logo\/image\/\",\"url\":\"https:\/\/gites-jardins-ilona.com\/wp-content\/uploads\/2024\/10\/cropped-Logo-site-internet-e1729692351709.png\",\"contentUrl\":\"https:\/\/gites-jardins-ilona.com\/wp-content\/uploads\/2024\/10\/cropped-Logo-site-internet-e1729692351709.png\",\"width\":216,\"height\":100,\"caption\":\"SARL Ilona\"},\"image\":{\"@id\":\"https:\/\/gites-jardins-ilona.com\/#\/schema\/logo\/image\/\"}}]}<\/script>\n<!-- \/ Yoast SEO plugin. -->","yoast_head_json":{"title":"Gites avec piscine int\u00e9rieure et s\u00e9minaires, Hauts de France.","description":"Les Jardins d'Ilona vous proposent des gites avec piscine de 4 \u00e0 15 personnes, 49 couchages au total. Id\u00e9al en vacances ou pour vos \u00e9v\u00e8nements","robots":{"index":"index","follow":"follow","max-snippet":"max-snippet:-1","max-image-preview":"max-image-preview:large","max-video-preview":"max-video-preview:-1"},"canonical":"https:\/\/gites-jardins-ilona.com\/index.php\/gites\/","og_locale":"fr_FR","og_type":"article","og_title":"Gites avec piscine int\u00e9rieure et s\u00e9minaires, Hauts de France.","og_description":"Les Jardins d'Ilona vous proposent des gites avec piscine de 4 \u00e0 15 personnes, 49 couchages au total. Id\u00e9al en vacances ou pour vos \u00e9v\u00e8nements","og_url":"https:\/\/gites-jardins-ilona.com\/index.php\/gites\/","og_site_name":"Les Jardins d&#039;Ilona","article_modified_time":"2026-03-04T21:40:26+00:00","twitter_card":"summary_large_image","twitter_misc":{"Dur\u00e9e de lecture estim\u00e9e":"2 minutes"},"schema":{"@context":"https:\/\/schema.org","@graph":[{"@type":"WebPage","@id":"https:\/\/gites-jardins-ilona.com\/index.php\/gites\/","url":"https:\/\/gites-jardins-ilona.com\/index.php\/gites\/","name":"Gites avec piscine int\u00e9rieure et s\u00e9minaires, Hauts de France.","isPartOf":{"@id":"https:\/\/gites-jardins-ilona.com\/#website"},"datePublished":"2016-12-07T15:17:39+00:00","dateModified":"2026-03-04T21:40:26+00:00","description":"Les Jardins d'Ilona vous proposent des gites avec piscine de 4 \u00e0 15 personnes, 49 couchages au total. Id\u00e9al en vacances ou pour vos \u00e9v\u00e8nements","breadcrumb":{"@id":"https:\/\/gites-jardins-ilona.com\/index.php\/gites\/#breadcrumb"},"inLanguage":"fr-FR","potentialAction":[{"@type":"ReadAction","target":["https:\/\/gites-jardins-ilona.com\/index.php\/gites\/"]}]},{"@type":"BreadcrumbList","@id":"https:\/\/gites-jardins-ilona.com\/index.php\/gites\/#breadcrumb","itemListElement":[{"@type":"ListItem","position":1,"name":"Accueil","item":"https:\/\/gites-jardins-ilona.com\/"},{"@type":"ListItem","position":2,"name":"G\u00eetes"}]},{"@type":"WebSite","@id":"https:\/\/gites-jardins-ilona.com\/#website","url":"https:\/\/gites-jardins-ilona.com\/","name":"Les Jardins d&#039;Ilona","description":"Gites et s\u00e9minaires \u00e0 Arques ","publisher":{"@id":"https:\/\/gites-jardins-ilona.com\/#organization"},"potentialAction":[{"@type":"SearchAction","target":{"@type":"EntryPoint","urlTemplate":"https:\/\/gites-jardins-ilona.com\/?s={search_term_string}"},"query-input":{"@type":"PropertyValueSpecification","valueRequired":true,"valueName":"search_term_string"}}],"inLanguage":"fr-FR"},{"@type":"Organization","@id":"https:\/\/gites-jardins-ilona.com\/#organization","name":"SARL Ilona","url":"https:\/\/gites-jardins-ilona.com\/","logo":{"@type":"ImageObject","inLanguage":"fr-FR","@id":"https:\/\/gites-jardins-ilona.com\/#\/schema\/logo\/image\/","url":"https:\/\/gites-jardins-ilona.com\/wp-content\/uploads\/2024\/10\/cropped-Logo-site-internet-e1729692351709.png","contentUrl":"https:\/\/gites-jardins-ilona.com\/wp-content\/uploads\/2024\/10\/cropped-Logo-site-internet-e1729692351709.png","width":216,"height":100,"caption":"SARL Ilona"},"image":{"@id":"https:\/\/gites-jardins-ilona.com\/#\/schema\/logo\/image\/"}}]}},"_links":{"self":[{"href":"https:\/\/gites-jardins-ilona.com\/index.php\/wp-json\/wp\/v2\/pages\/500","targetHints":{"allow":["GET"]}}],"collection":[{"href":"https:\/\/gites-jardins-ilona.com\/index.php\/wp-json\/wp\/v2\/pages"}],"about":[{"href":"https:\/\/gites-jardins-ilona.com\/index.php\/wp-json\/wp\/v2\/types\/page"}],"author":[{"embeddable":true,"href":"https:\/\/gites-jardins-ilona.com\/index.php\/wp-json\/wp\/v2\/users\/1"}],"replies":[{"embeddable":true,"href":"https:\/\/gites-jardins-ilona.com\/index.php\/wp-json\/wp\/v2\/comments?post=500"}],"version-history":[{"count":160,"href":"https:\/\/gites-jardins-ilona.com\/index.php\/wp-json\/wp\/v2\/pages\/500\/revisions"}],"predecessor-version":[{"id":3296,"href":"https:\/\/gites-jardins-ilona.com\/index.php\/wp-json\/wp\/v2\/pages\/500\/revisions\/3296"}],"wp:attachment":[{"href":"https:\/\/gites-jardins-ilona.com\/index.php\/wp-json\/wp\/v2\/media?parent=500"}],"curies":[{"name":"wp","href":"https:\/\/api.w.org\/{rel}","templated":true}]}}